{"id":4027,"date":"2022-03-11T07:14:34","date_gmt":"2022-03-11T07:14:34","guid":{"rendered":"https:\/\/godigitall.artwhere.co\/conditions-dutilisation\/"},"modified":"2022-03-16T16:02:48","modified_gmt":"2022-03-16T16:02:48","slug":"conditions-dutilisation","status":"publish","type":"page","link":"https:\/\/www.bedigitaltogether.be\/fr\/conditions-dutilisation\/","title":{"rendered":"Conditions d&rsquo;utilisation"},"content":{"rendered":"\t\t<div data-elementor-type=\"wp-page\" data-elementor-id=\"4027\" class=\"elementor elementor-4027 elementor-2340\" data-elementor-post-type=\"page\">\n\t\t\t\t\t\t<section class=\"elementor-section elementor-top-section elementor-element elementor-element-327afab elementor-section-boxed elementor-section-height-default elementor-section-height-default\" data-id=\"327afab\" data-element_type=\"section\">\n\t\t\t\t\t\t<div class=\"elementor-container elementor-column-gap-default\">\n\t\t\t\t\t<div class=\"elementor-column elementor-col-100 elementor-top-column elementor-element elementor-element-55fea13\" data-id=\"55fea13\" data-element_type=\"column\">\n\t\t\t<div class=\"elementor-widget-wrap elementor-element-populated\">\n\t\t\t\t\t\t<div class=\"elementor-element elementor-element-8385132 elementor-widget elementor-widget-html\" data-id=\"8385132\" data-element_type=\"widget\" data-widget_type=\"html.default\">\n\t\t\t\t<div class=\"elementor-widget-container\">\n\t\t\t\t\t<script> \r\njQuery(document).ready(function($) { \r\nvar delay = 100; setTimeout(function() { \r\n$('.elementor-widget-table-of-contents').addClass('elementor-toc--collapsed');\r\n $('.elementor-toc__body').css('display', 'none'); }, delay); \r\n}); \r\n<\/script>\t\t\t\t<\/div>\n\t\t\t\t<\/div>\n\t\t\t\t<div class=\"elementor-element elementor-element-7a34276 elementor-toc--minimized-on-tablet elementor-widget elementor-widget-table-of-contents\" data-id=\"7a34276\" data-element_type=\"widget\" data-settings=\"{&quot;headings_by_tags&quot;:[&quot;h2&quot;],&quot;exclude_headings_by_selector&quot;:[],&quot;marker_view&quot;:&quot;bullets&quot;,&quot;icon&quot;:{&quot;value&quot;:&quot;fas fa-circle&quot;,&quot;library&quot;:&quot;fa-solid&quot;},&quot;no_headings_message&quot;:&quot;Aucun titre n\\u2019a \\u00e9t\\u00e9 trouv\\u00e9 sur cette page.&quot;,&quot;minimize_box&quot;:&quot;yes&quot;,&quot;minimized_on&quot;:&quot;tablet&quot;,&quot;hierarchical_view&quot;:&quot;yes&quot;,&quot;min_height&quot;:{&quot;unit&quot;:&quot;px&quot;,&quot;size&quot;:&quot;&quot;,&quot;sizes&quot;:[]},&quot;min_height_tablet&quot;:{&quot;unit&quot;:&quot;px&quot;,&quot;size&quot;:&quot;&quot;,&quot;sizes&quot;:[]},&quot;min_height_mobile&quot;:{&quot;unit&quot;:&quot;px&quot;,&quot;size&quot;:&quot;&quot;,&quot;sizes&quot;:[]}}\" data-widget_type=\"table-of-contents.default\">\n\t\t\t\t<div class=\"elementor-widget-container\">\n\t\t\t\t\t\t\t<div class=\"elementor-toc__header\">\n\t\t\t<h2 class=\"elementor-toc__header-title\">\n\t\t\t\tConditions d'utilisation\t\t\t<\/h2>\n\t\t\t\t\t\t\t<div class=\"elementor-toc__toggle-button elementor-toc__toggle-button--expand\" role=\"button\" tabindex=\"0\" aria-controls=\"elementor-toc__7a34276\" aria-expanded=\"true\" aria-label=\"Ouvrir la table des mati\u00e8res\"><i aria-hidden=\"true\" class=\"fas fa-chevron-down\"><\/i><\/div>\n\t\t\t\t<div class=\"elementor-toc__toggle-button elementor-toc__toggle-button--collapse\" role=\"button\" tabindex=\"0\" aria-controls=\"elementor-toc__7a34276\" aria-expanded=\"true\" aria-label=\"Fermer la table des mati\u00e8res\"><i aria-hidden=\"true\" class=\"fas fa-chevron-up\"><\/i><\/div>\n\t\t\t\t\t<\/div>\n\t\t<div id=\"elementor-toc__7a34276\" class=\"elementor-toc__body\">\n\t\t\t<div class=\"elementor-toc__spinner-container\">\n\t\t\t\t<i class=\"elementor-toc__spinner eicon-animation-spin eicon-loading\" aria-hidden=\"true\"><\/i>\t\t\t<\/div>\n\t\t<\/div>\n\t\t\t\t\t\t<\/div>\n\t\t\t\t<\/div>\n\t\t\t\t\t<\/div>\n\t\t<\/div>\n\t\t\t\t\t<\/div>\n\t\t<\/section>\n\t\t\t\t<section class=\"elementor-section elementor-top-section elementor-element elementor-element-7e8c173 elementor-section-boxed elementor-section-height-default elementor-section-height-default\" data-id=\"7e8c173\" data-element_type=\"section\">\n\t\t\t\t\t\t<div class=\"elementor-container elementor-column-gap-default\">\n\t\t\t\t\t<div class=\"elementor-column elementor-col-100 elementor-top-column elementor-element elementor-element-1dc94dd3\" data-id=\"1dc94dd3\" data-element_type=\"column\">\n\t\t\t<div class=\"elementor-widget-wrap elementor-element-populated\">\n\t\t\t\t\t\t<div class=\"elementor-element elementor-element-63ede25 elementor-widget elementor-widget-text-editor\" data-id=\"63ede25\" data-element_type=\"widget\" data-widget_type=\"text-editor.default\">\n\t\t\t\t<div class=\"elementor-widget-container\">\n\t\t\t\t\t\t\t\t\tLes informations reprises sur ce site sont fournies par le Service public f\u00e9d\u00e9ral Economie, P.M.E., Classes moyennes et Energie (SPF Economie).\r\n\r\nL&rsquo;acc\u00e8s aux informations que contient ce site est gratuit mais il implique la prise de connaissance et l&rsquo;acceptation des conditions reprises ci-dessous.\t\t\t\t\t\t\t\t<\/div>\n\t\t\t\t<\/div>\n\t\t\t\t<div class=\"elementor-element elementor-element-10f9111 elementor-widget elementor-widget-heading\" data-id=\"10f9111\" data-element_type=\"widget\" data-widget_type=\"heading.default\">\n\t\t\t\t<div class=\"elementor-widget-container\">\n\t\t\t\t\t<h2 class=\"elementor-heading-title elementor-size-default\">Vie priv\u00e9e<\/h2>\t\t\t\t<\/div>\n\t\t\t\t<\/div>\n\t\t\t\t<div class=\"elementor-element elementor-element-b854fc4 elementor-widget elementor-widget-text-editor\" data-id=\"b854fc4\" data-element_type=\"widget\" data-widget_type=\"text-editor.default\">\n\t\t\t\t<div class=\"elementor-widget-container\">\n\t\t\t\t\t\t\t\t\tLa politique de respect des donn\u00e9es personnelles du SPF Economie est accessible via la\u00a0<a href=\"https:\/\/economie.fgov.be\/fr\/declaration-de-confidentialite\" data-entity-substitution=\"canonical\" data-entity-type=\"node\" data-entity-uuid=\"cf9564ea-1735-46c7-b535-c926fec6f753\">d\u00e9claration de confidentialit\u00e9<\/a>.\t\t\t\t\t\t\t\t<\/div>\n\t\t\t\t<\/div>\n\t\t\t\t<div class=\"elementor-element elementor-element-0168a52 elementor-widget elementor-widget-heading\" data-id=\"0168a52\" data-element_type=\"widget\" data-widget_type=\"heading.default\">\n\t\t\t\t<div class=\"elementor-widget-container\">\n\t\t\t\t\t<h2 class=\"elementor-heading-title elementor-size-default\">Utilisation des informations reprises sur le site<\/h2>\t\t\t\t<\/div>\n\t\t\t\t<\/div>\n\t\t\t\t<div class=\"elementor-element elementor-element-5823bde elementor-widget elementor-widget-text-editor\" data-id=\"5823bde\" data-element_type=\"widget\" data-widget_type=\"text-editor.default\">\n\t\t\t\t<div class=\"elementor-widget-container\">\n\t\t\t\t\t\t\t\t\tLa port\u00e9e des informations qui figurent sur ce site ou sur les autres sites web et applications du SPF Economie est de nature g\u00e9n\u00e9rale.\r\n\r\nLes informations ne sont pas adapt\u00e9es \u00e0 des circonstances personnelles ou sp\u00e9cifiques et ne peuvent donc pas \u00eatre consid\u00e9r\u00e9es comme des conseils personnels, professionnels ou juridiques \u00e0 l&rsquo;utilisateur. Si vous avez besoin de conseils personnels ou sp\u00e9cifiques, vous devez toujours consulter les services comp\u00e9tents au sein de notre SPF.\r\n\r\nSeules font foi la l\u00e9gislation europ\u00e9enne publi\u00e9e au \u00ab\u00a0Journal officiel de l&rsquo;Union europ\u00e9enne\u00a0\u00bb et la l\u00e9gislation belge publi\u00e9e au \u00ab\u00a0Moniteur belge\u00a0\u00bb.\r\n\r\nLe SPF Economie s\u2019applique \u00e0 mettre \u00e0 disposition des informations compl\u00e8tes, correctes, exhaustives et \u00e0 jour. Cependant, les informations contenues dans ce site peuvent \u00eatre involontairement incompl\u00e8tes et\/ou incorrectes. Si les informations fournies comportaient des erreurs, n\u2019\u00e9taient plus disponibles ou \u00e0 jour, nous mettrons tout en oeuvre pour rectifier la situation au plus vite. Les erreurs peuvent \u00e9videmment\u00a0<a class=\"mailto\" href=\"mailto:webmaster@economie.fgov.be?Subject=erreur%20sur%20la%20page%20web...\" data-extlink=\"\">nous \u00eatre signal\u00e9es<\/a>.\r\n\r\nLe SPF Economie ne peut pas \u00eatre tenu responsable en cas de dommages directs ou indirects caus\u00e9s par la consultation ou l&rsquo;utilisation, quelle qu&rsquo;elle soit, des contenus de ce site et applications.\r\n\r\nLe contenu du site (y compris les hyperliens) peut \u00eatre adapt\u00e9, modifi\u00e9 ou compl\u00e9t\u00e9 \u00e0 tout moment sans avertissement ni communication au pr\u00e9alable.\t\t\t\t\t\t\t\t<\/div>\n\t\t\t\t<\/div>\n\t\t\t\t<div class=\"elementor-element elementor-element-bb4cb76 elementor-widget elementor-widget-heading\" data-id=\"bb4cb76\" data-element_type=\"widget\" data-widget_type=\"heading.default\">\n\t\t\t\t<div class=\"elementor-widget-container\">\n\t\t\t\t\t<h2 class=\"elementor-heading-title elementor-size-default\">Renvois et liens vers d'autres sites<\/h2>\t\t\t\t<\/div>\n\t\t\t\t<\/div>\n\t\t\t\t<div class=\"elementor-element elementor-element-569d802 elementor-widget elementor-widget-text-editor\" data-id=\"569d802\" data-element_type=\"widget\" data-widget_type=\"text-editor.default\">\n\t\t\t\t<div class=\"elementor-widget-container\">\n\t\t\t\t\t\t\t\t\tCe site peut contenir des liens vers des sites et\/ou des pages publi\u00e9s par des tiers. Le SPF Economie ne peut pas \u00eatre tenu responsable en cas de dommages r\u00e9sultant de l&rsquo;utilisation d&rsquo;informations contenues dans ces sites et\/ou pages de tiers. Le SPF Economie ne sera en aucun cas responsable des \u00e9ventuelles cons\u00e9quences d\u00e9coulant de la visite, de la consultation et\/ou de l&rsquo;utilisation de ces sites internet, du contenu ou de la politique de vie priv\u00e9e qui ferait partie d&rsquo;un site vers lequel renverrait un lien propos\u00e9 par le site de SPF Economie. De plus, aucun droit n&rsquo;est associ\u00e9 aux informations de tiers.\r\n\r\nL&rsquo;\u00e9tablissement d&rsquo;hyperliens vers un ou plusieurs autres sites, en ce compris les liens \u00e9tablis\r\n\r\ndans ces sites, ne signifie en aucune mesure qu&rsquo;il y ait association, partenariat, affiliation ou\r\n\r\napprobation d&rsquo;aucune sorte avec les institutions proposant ces sites.\r\n\r\nD\u00e8s que le SPF Economie aura connaissance, sur un site vers lequel pointe un lien propos\u00e9 par le site SPF d&rsquo;un \u00e9ventuel contenu ill\u00e9gal ou ne correspondant pas au but recherch\u00e9, l&rsquo;hyperlien sera retir\u00e9 du site, sans que cela n&rsquo;induise une quelconque responsabilit\u00e9 du SPF Economie pour la p\u00e9riode durant laquelle l&rsquo;hyperlien \u00e9tait propos\u00e9 sur le site du SPF.\t\t\t\t\t\t\t\t<\/div>\n\t\t\t\t<\/div>\n\t\t\t\t<div class=\"elementor-element elementor-element-e47207a elementor-widget elementor-widget-heading\" data-id=\"e47207a\" data-element_type=\"widget\" data-widget_type=\"heading.default\">\n\t\t\t\t<div class=\"elementor-widget-container\">\n\t\t\t\t\t<h2 class=\"elementor-heading-title elementor-size-default\">Copyright (licence Creative Commons-0)<\/h2>\t\t\t\t<\/div>\n\t\t\t\t<\/div>\n\t\t\t\t<div class=\"elementor-element elementor-element-83b3029 elementor-widget elementor-widget-text-editor\" data-id=\"83b3029\" data-element_type=\"widget\" data-widget_type=\"text-editor.default\">\n\t\t\t\t<div class=\"elementor-widget-container\">\n\t\t\t\t\t\t\t\t\t<main class=\"section section--main js-quickedit-main-content\"><section class=\"main-content\">\r\n<div class=\"region region-content\">\r\n<div class=\"layout layout--generic\">\r\n<div class=\"layout layout--generic layout__wrapper--content clearfix\">\r\n<div class=\"container\">\r\n<div class=\"block-region-content\"><section class=\"block block--ctools block--ctools--node\"><article class=\"node node--type-page node--view-mode-full ds-1col clearfix\">\r\n<div class=\"field field--name-body field--type-text-with-summary field--label-hidden field--parent-type-node field__item\">\r\n\r\nLes informations publi\u00e9es sur ce site internet sont libres de droits, sauf mention contraire. Elles peuvent \u00eatre r\u00e9utilis\u00e9es sans condition \u00e0 des fins priv\u00e9es, associatives, scientifiques et commerciales. Toutefois, le SPF Economie recommande de mentionner la source et la date des informations r\u00e9utilis\u00e9es.\r\n\r\nLorsqu\u2019une autorisation pr\u00e9alable est requise ou lorsque des conditions sp\u00e9cifiques sont n\u00e9cessaires, les limites de la r\u00e9utilisation sont explicitement mentionn\u00e9es. La r\u00e9utilisation du mat\u00e9riel multim\u00e9dia (photos, images, sons, vid\u00e9os\u2026), y compris celui se trouvant dans les documents t\u00e9l\u00e9chargeables (brochures\u2026), est toujours soumise \u00e0 une approbation pr\u00e9alable.\r\n\r\n<\/div>\r\n<\/article><\/section><\/div>\r\n<\/div>\r\n<\/div>\r\n<\/div>\r\n<\/div>\r\n<\/section><\/main>\t\t\t\t\t\t\t\t<\/div>\n\t\t\t\t<\/div>\n\t\t\t\t\t<\/div>\n\t\t<\/div>\n\t\t\t\t\t<\/div>\n\t\t<\/section>\n\t\t\t\t<\/div>\n\t\t","protected":false},"excerpt":{"rendered":"<p>Conditions d&rsquo;utilisation Les informations reprises sur ce site sont fournies par le Service public f\u00e9d\u00e9ral Economie, P.M.E., Classes moyennes et Energie (SPF Economie). L&rsquo;acc\u00e8s aux informations que contient ce site est gratuit mais il implique la prise de connaissance et l&rsquo;acceptation des conditions reprises ci-dessous. Vie priv\u00e9e La politique de respect des donn\u00e9es personnelles du [&hellip;]<\/p>\n","protected":false},"author":1,"featured_media":0,"parent":0,"menu_order":0,"comment_status":"closed","ping_status":"closed","template":"","meta":{"_acf_changed":false,"footnotes":""},"class_list":["post-4027","page","type-page","status-publish","hentry"],"acf":[],"yoast_head":"<!-- This site is optimized with the Yoast SEO plugin v27.5 - https:\/\/yoast.com\/product\/yoast-seo-wordpress\/ -->\n<title>Conditions d&#039;utilisation - BeDigitalTogether - Be Digital Together<\/title>\n<meta name=\"robots\" content=\"index, follow, max-snippet:-1, max-image-preview:large, max-video-preview:-1\" \/>\n<link rel=\"canonical\" href=\"https:\/\/www.bedigitaltogether.be\/fr\/\" \/>\n<meta property=\"og:locale\" content=\"fr_FR\" \/>\n<meta property=\"og:type\" content=\"article\" \/>\n<meta property=\"og:title\" content=\"Conditions d&#039;utilisation - BeDigitalTogether - Be Digital Together\" \/>\n<meta property=\"og:description\" content=\"Conditions d&rsquo;utilisation Les informations reprises sur ce site sont fournies par le Service public f\u00e9d\u00e9ral Economie, P.M.E., Classes moyennes et Energie (SPF Economie). L&rsquo;acc\u00e8s aux informations que contient ce site est gratuit mais il implique la prise de connaissance et l&rsquo;acceptation des conditions reprises ci-dessous. Vie priv\u00e9e La politique de respect des donn\u00e9es personnelles du [&hellip;]\" \/>\n<meta property=\"og:url\" content=\"https:\/\/www.bedigitaltogether.be\/fr\/\" \/>\n<meta property=\"og:site_name\" content=\"BeDigitalTogether\" \/>\n<meta property=\"article:modified_time\" content=\"2022-03-16T16:02:48+00:00\" \/>\n<meta name=\"twitter:card\" content=\"summary_large_image\" \/>\n<meta name=\"twitter:label1\" content=\"Dur\u00e9e de lecture estim\u00e9e\" \/>\n\t<meta name=\"twitter:data1\" content=\"3 minutes\" \/>\n<script type=\"application\/ld+json\" class=\"yoast-schema-graph\">{\"@context\":\"https:\\\/\\\/schema.org\",\"@graph\":[{\"@type\":\"WebPage\",\"@id\":\"https:\\\/\\\/www.bedigitaltogether.be\\\/fr\\\/conditions-dutilisation\\\/\",\"url\":\"https:\\\/\\\/www.bedigitaltogether.be\\\/fr\\\/conditions-dutilisation\\\/\",\"name\":\"Conditions d'utilisation - BeDigitalTogether - Be Digital Together\",\"isPartOf\":{\"@id\":\"https:\\\/\\\/www.bedigitaltogether.be\\\/fr\\\/#website\"},\"datePublished\":\"2022-03-11T07:14:34+00:00\",\"dateModified\":\"2022-03-16T16:02:48+00:00\",\"breadcrumb\":{\"@id\":\"https:\\\/\\\/www.bedigitaltogether.be\\\/fr\\\/conditions-dutilisation\\\/#breadcrumb\"},\"inLanguage\":\"fr-FR\",\"potentialAction\":[{\"@type\":\"ReadAction\",\"target\":[\"https:\\\/\\\/www.bedigitaltogether.be\\\/fr\\\/conditions-dutilisation\\\/\"]}]},{\"@type\":\"BreadcrumbList\",\"@id\":\"https:\\\/\\\/www.bedigitaltogether.be\\\/fr\\\/conditions-dutilisation\\\/#breadcrumb\",\"itemListElement\":[{\"@type\":\"ListItem\",\"position\":1,\"name\":\"Accueil\",\"item\":\"https:\\\/\\\/www.bedigitaltogether.be\\\/fr\\\/\"},{\"@type\":\"ListItem\",\"position\":2,\"name\":\"Conditions d&rsquo;utilisation\"}]},{\"@type\":\"WebSite\",\"@id\":\"https:\\\/\\\/www.bedigitaltogether.be\\\/fr\\\/#website\",\"url\":\"https:\\\/\\\/www.bedigitaltogether.be\\\/fr\\\/\",\"name\":\"BeDigitalTogether\",\"description\":\"\",\"potentialAction\":[{\"@type\":\"SearchAction\",\"target\":{\"@type\":\"EntryPoint\",\"urlTemplate\":\"https:\\\/\\\/www.bedigitaltogether.be\\\/fr\\\/?s={search_term_string}\"},\"query-input\":{\"@type\":\"PropertyValueSpecification\",\"valueRequired\":true,\"valueName\":\"search_term_string\"}}],\"inLanguage\":\"fr-FR\"}]}<\/script>\n<!-- \/ Yoast SEO plugin. -->","yoast_head_json":{"title":"Conditions d'utilisation - BeDigitalTogether - Be Digital Together","robots":{"index":"index","follow":"follow","max-snippet":"max-snippet:-1","max-image-preview":"max-image-preview:large","max-video-preview":"max-video-preview:-1"},"canonical":"https:\/\/www.bedigitaltogether.be\/fr\/","og_locale":"fr_FR","og_type":"article","og_title":"Conditions d'utilisation - BeDigitalTogether - Be Digital Together","og_description":"Conditions d&rsquo;utilisation Les informations reprises sur ce site sont fournies par le Service public f\u00e9d\u00e9ral Economie, P.M.E., Classes moyennes et Energie (SPF Economie). L&rsquo;acc\u00e8s aux informations que contient ce site est gratuit mais il implique la prise de connaissance et l&rsquo;acceptation des conditions reprises ci-dessous. Vie priv\u00e9e La politique de respect des donn\u00e9es personnelles du [&hellip;]","og_url":"https:\/\/www.bedigitaltogether.be\/fr\/","og_site_name":"BeDigitalTogether","article_modified_time":"2022-03-16T16:02:48+00:00","twitter_card":"summary_large_image","twitter_misc":{"Dur\u00e9e de lecture estim\u00e9e":"3 minutes"},"schema":{"@context":"https:\/\/schema.org","@graph":[{"@type":"WebPage","@id":"https:\/\/www.bedigitaltogether.be\/fr\/conditions-dutilisation\/","url":"https:\/\/www.bedigitaltogether.be\/fr\/conditions-dutilisation\/","name":"Conditions d'utilisation - BeDigitalTogether - Be Digital Together","isPartOf":{"@id":"https:\/\/www.bedigitaltogether.be\/fr\/#website"},"datePublished":"2022-03-11T07:14:34+00:00","dateModified":"2022-03-16T16:02:48+00:00","breadcrumb":{"@id":"https:\/\/www.bedigitaltogether.be\/fr\/conditions-dutilisation\/#breadcrumb"},"inLanguage":"fr-FR","potentialAction":[{"@type":"ReadAction","target":["https:\/\/www.bedigitaltogether.be\/fr\/conditions-dutilisation\/"]}]},{"@type":"BreadcrumbList","@id":"https:\/\/www.bedigitaltogether.be\/fr\/conditions-dutilisation\/#breadcrumb","itemListElement":[{"@type":"ListItem","position":1,"name":"Accueil","item":"https:\/\/www.bedigitaltogether.be\/fr\/"},{"@type":"ListItem","position":2,"name":"Conditions d&rsquo;utilisation"}]},{"@type":"WebSite","@id":"https:\/\/www.bedigitaltogether.be\/fr\/#website","url":"https:\/\/www.bedigitaltogether.be\/fr\/","name":"BeDigitalTogether","description":"","potentialAction":[{"@type":"SearchAction","target":{"@type":"EntryPoint","urlTemplate":"https:\/\/www.bedigitaltogether.be\/fr\/?s={search_term_string}"},"query-input":{"@type":"PropertyValueSpecification","valueRequired":true,"valueName":"search_term_string"}}],"inLanguage":"fr-FR"}]}},"_links":{"self":[{"href":"https:\/\/www.bedigitaltogether.be\/fr\/wp-json\/wp\/v2\/pages\/4027","targetHints":{"allow":["GET"]}}],"collection":[{"href":"https:\/\/www.bedigitaltogether.be\/fr\/wp-json\/wp\/v2\/pages"}],"about":[{"href":"https:\/\/www.bedigitaltogether.be\/fr\/wp-json\/wp\/v2\/types\/page"}],"author":[{"embeddable":true,"href":"https:\/\/www.bedigitaltogether.be\/fr\/wp-json\/wp\/v2\/users\/1"}],"replies":[{"embeddable":true,"href":"https:\/\/www.bedigitaltogether.be\/fr\/wp-json\/wp\/v2\/comments?post=4027"}],"version-history":[{"count":1,"href":"https:\/\/www.bedigitaltogether.be\/fr\/wp-json\/wp\/v2\/pages\/4027\/revisions"}],"predecessor-version":[{"id":4028,"href":"https:\/\/www.bedigitaltogether.be\/fr\/wp-json\/wp\/v2\/pages\/4027\/revisions\/4028"}],"wp:attachment":[{"href":"https:\/\/www.bedigitaltogether.be\/fr\/wp-json\/wp\/v2\/media?parent=4027"}],"curies":[{"name":"wp","href":"https:\/\/api.w.org\/{rel}","templated":true}]}}