{"id":3987,"date":"2022-02-03T11:44:50","date_gmt":"2022-02-03T11:44:50","guid":{"rendered":"https:\/\/godigitall.artwhere.co\/declaration-de-confidentialite\/"},"modified":"2022-03-16T15:44:47","modified_gmt":"2022-03-16T15:44:47","slug":"declaration-de-confidentialite","status":"publish","type":"page","link":"https:\/\/www.bedigitaltogether.be\/fr\/declaration-de-confidentialite\/","title":{"rendered":"D\u00e9claration de confidentialit\u00e9"},"content":{"rendered":"\t\t<div data-elementor-type=\"wp-page\" data-elementor-id=\"3987\" class=\"elementor elementor-3987 elementor-3\" data-elementor-post-type=\"page\">\n\t\t\t\t\t\t<section class=\"elementor-section elementor-top-section elementor-element elementor-element-327afab elementor-section-boxed elementor-section-height-default elementor-section-height-default\" data-id=\"327afab\" data-element_type=\"section\">\n\t\t\t\t\t\t<div class=\"elementor-container elementor-column-gap-default\">\n\t\t\t\t\t<div class=\"elementor-column elementor-col-100 elementor-top-column elementor-element elementor-element-55fea13\" data-id=\"55fea13\" data-element_type=\"column\">\n\t\t\t<div class=\"elementor-widget-wrap elementor-element-populated\">\n\t\t\t\t\t\t<div class=\"elementor-element elementor-element-27f77c9 elementor-widget elementor-widget-html\" data-id=\"27f77c9\" data-element_type=\"widget\" data-widget_type=\"html.default\">\n\t\t\t\t<div class=\"elementor-widget-container\">\n\t\t\t\t\t<script> \r\njQuery(document).ready(function($) { \r\nvar delay = 100; setTimeout(function() { \r\n$('.elementor-widget-table-of-contents').addClass('elementor-toc--collapsed');\r\n $('.elementor-toc__body').css('display', 'none'); }, delay); \r\n}); \r\n<\/script>\t\t\t\t<\/div>\n\t\t\t\t<\/div>\n\t\t\t\t<div class=\"elementor-element elementor-element-5ab09bb elementor-toc--minimized-on-tablet elementor-widget elementor-widget-table-of-contents\" data-id=\"5ab09bb\" data-element_type=\"widget\" data-settings=\"{&quot;headings_by_tags&quot;:[&quot;h3&quot;],&quot;exclude_headings_by_selector&quot;:[],&quot;marker_view&quot;:&quot;numbers&quot;,&quot;no_headings_message&quot;:&quot;Aucun titre n\\u2019a \\u00e9t\\u00e9 trouv\\u00e9 sur cette page.&quot;,&quot;minimize_box&quot;:&quot;yes&quot;,&quot;minimized_on&quot;:&quot;tablet&quot;,&quot;hierarchical_view&quot;:&quot;yes&quot;,&quot;min_height&quot;:{&quot;unit&quot;:&quot;px&quot;,&quot;size&quot;:&quot;&quot;,&quot;sizes&quot;:[]},&quot;min_height_tablet&quot;:{&quot;unit&quot;:&quot;px&quot;,&quot;size&quot;:&quot;&quot;,&quot;sizes&quot;:[]},&quot;min_height_mobile&quot;:{&quot;unit&quot;:&quot;px&quot;,&quot;size&quot;:&quot;&quot;,&quot;sizes&quot;:[]}}\" data-widget_type=\"table-of-contents.default\">\n\t\t\t\t<div class=\"elementor-widget-container\">\n\t\t\t\t\t\t\t<div class=\"elementor-toc__header\">\n\t\t\t<h2 class=\"elementor-toc__header-title\">\n\t\t\t\tD\u00e9claration de confidentialit\u00e9\t\t\t<\/h2>\n\t\t\t\t\t\t\t<div class=\"elementor-toc__toggle-button elementor-toc__toggle-button--expand\" role=\"button\" tabindex=\"0\" aria-controls=\"elementor-toc__5ab09bb\" aria-expanded=\"true\" aria-label=\"Ouvrir la table des mati\u00e8res\"><i aria-hidden=\"true\" class=\"fas fa-chevron-down\"><\/i><\/div>\n\t\t\t\t<div class=\"elementor-toc__toggle-button elementor-toc__toggle-button--collapse\" role=\"button\" tabindex=\"0\" aria-controls=\"elementor-toc__5ab09bb\" aria-expanded=\"true\" aria-label=\"Fermer la table des mati\u00e8res\"><i aria-hidden=\"true\" class=\"fas fa-chevron-up\"><\/i><\/div>\n\t\t\t\t\t<\/div>\n\t\t<div id=\"elementor-toc__5ab09bb\" class=\"elementor-toc__body\">\n\t\t\t<div class=\"elementor-toc__spinner-container\">\n\t\t\t\t<i class=\"elementor-toc__spinner eicon-animation-spin eicon-loading\" aria-hidden=\"true\"><\/i>\t\t\t<\/div>\n\t\t<\/div>\n\t\t\t\t\t\t<\/div>\n\t\t\t\t<\/div>\n\t\t\t\t\t<\/div>\n\t\t<\/div>\n\t\t\t\t\t<\/div>\n\t\t<\/section>\n\t\t\t\t<section class=\"elementor-section elementor-top-section elementor-element elementor-element-7e8c173 elementor-section-boxed elementor-section-height-default elementor-section-height-default\" data-id=\"7e8c173\" data-element_type=\"section\">\n\t\t\t\t\t\t<div class=\"elementor-container elementor-column-gap-default\">\n\t\t\t\t\t<div class=\"elementor-column elementor-col-100 elementor-top-column elementor-element elementor-element-1dc94dd3\" data-id=\"1dc94dd3\" data-element_type=\"column\">\n\t\t\t<div class=\"elementor-widget-wrap elementor-element-populated\">\n\t\t\t\t\t\t<div class=\"elementor-element elementor-element-10c3487 elementor-widget elementor-widget-heading\" data-id=\"10c3487\" data-element_type=\"widget\" data-widget_type=\"heading.default\">\n\t\t\t\t<div class=\"elementor-widget-container\">\n\t\t\t\t\t<h2 class=\"elementor-heading-title elementor-size-default\">Protection des donn\u00e9es personnelles<\/h2>\t\t\t\t<\/div>\n\t\t\t\t<\/div>\n\t\t\t\t<div class=\"elementor-element elementor-element-cf9b7a5 elementor-widget elementor-widget-text-editor\" data-id=\"cf9b7a5\" data-element_type=\"widget\" data-widget_type=\"text-editor.default\">\n\t\t\t\t<div class=\"elementor-widget-container\">\n\t\t\t\t\t\t\t\t\tLes informations qui suivent concernent\u00a0la protection de vos donn\u00e9es personnelles. Il s\u2019agit des donn\u00e9es qui permettent de vous identifier directement ou indirectement.\r\n\r\nExemple\u00a0: votre pr\u00e9nom, nom de famille, adresse mail et adresse IP.\r\n\r\nLa collecte de donn\u00e9es a lieu lorsque :\r\n<ul>\r\n \t<li>vous naviguez sur les pages du site internet du Service public f\u00e9d\u00e9ral Economie, P.M.E., Classes moyennes et Energie. Dans votre navigateur, elles commencent par \u00ab http<strong>s<\/strong>:\/\/economie.fgov.be \u00bb. Lorsqu&rsquo;un lien vous m\u00e8ne vers un autre site, un portail, une application, une application en ligne ou un r\u00e9seau social, c&rsquo;est aux conditions de traitement des donn\u00e9es \u00e0 caract\u00e8re personnel de ces autres sites ou services que vous devez vous r\u00e9f\u00e9rer\u00a0;<\/li>\r\n \t<li>vous prenez contact avec nous (par t\u00e9l\u00e9phone, e-mail, m\u00e9dias sociaux) ;<\/li>\r\n \t<li>vous nous mentionnez sur les m\u00e9dias sociaux.<\/li>\r\n<\/ul>\r\nVos donn\u00e9es personnelles sont prot\u00e9g\u00e9es conform\u00e9ment au\u00a0:\r\n<ul>\r\n \t<li><a class=\"ext\" href=\"http:\/\/eur-lex.europa.eu\/legal-content\/FR\/TXT\/?uri=CELEX%3A32016R0679\" target=\"_blank\" rel=\"noopener\" data-extlink=\"\">R\u00e8glement europ\u00e9en 2016\/679 du Parlement europ\u00e9en et du Conseil du 27 avril 2016 (entr\u00e9 en application le 25 mai 2018) relatif \u00e0 la protection des personnes physiques \u00e0 l&rsquo;\u00e9gard du traitement des donn\u00e9es \u00e0 caract\u00e8re personnel et \u00e0 la libre circulation de ces donn\u00e9es (RGPD).<\/a><\/li>\r\n<\/ul>\t\t\t\t\t\t\t\t<\/div>\n\t\t\t\t<\/div>\n\t\t\t\t<div class=\"elementor-element elementor-element-189b4114 elementor-widget elementor-widget-text-editor\" data-id=\"189b4114\" data-element_type=\"widget\" data-widget_type=\"text-editor.default\">\n\t\t\t\t<div class=\"elementor-widget-container\">\n\t\t\t\t\t\t\t\t\t<main class=\"section section--main js-quickedit-main-content\"><section class=\"main-content\">\r\n<div class=\"region region-content\">\r\n<div class=\"layout layout--generic\">\r\n<div class=\"layout layout--generic layout__wrapper--content clearfix\">\r\n<div class=\"container\">\r\n<div class=\"block-region-content\"><section class=\"block block--ctools block--ctools--node\"><article class=\"node node--type-page node--view-mode-full ds-1col clearfix\">\r\n<div class=\"field field--name-body field--type-text-with-summary field--label-hidden field--parent-type-node field__item\">\r\n<ol>\r\n \t<li>\r\n<h3>Bases juridiques et finalit\u00e9s des traitements<\/h3>\r\nDes donn\u00e9es personnelles sont collect\u00e9es et trait\u00e9es afin de :\r\n<ul>\r\n \t<li>vous informer\u00a0;<\/li>\r\n \t<li>r\u00e9pondre \u00e0 vos questions\u00a0;<\/li>\r\n \t<li>traiter les dossiers qui vous concernent.<\/li>\r\n<\/ul>\r\nDes donn\u00e9es sont \u00e9galement recueillies et trait\u00e9es\u00a0:\r\n<ul>\r\n \t<li>\u00e0 des fins statistiques et qualitatives, en vue d\u2019am\u00e9liorer nos services\u00a0;<\/li>\r\n \t<li>pour vous r\u00e9pondre dans votre langue.<\/li>\r\n<\/ul>\r\nSi votre demande d\u2019information ou de service est de la comp\u00e9tence d\u2019une autre administration, nous vous donnerons les coordonn\u00e9es de celle-ci et vous aurez alors le libre choix de la contacter ou non.<\/li>\r\n \t<li>\r\n<h3>\u00a0Donn\u00e9es trait\u00e9es<\/h3>\r\nDes donn\u00e9es personnelles sont recueillies et trait\u00e9es automatiquement dans ces trois situations\u00a0:\r\n<table class=\"table table-striped\">\r\n<thead>\r\n<tr>\r\n<th valign=\"top\" width=\"236\"><strong>SITUATIONS<\/strong><\/th>\r\n<th valign=\"top\" width=\"406\"><strong>DONN\u00c9ES PERSONNELLES RECUEILLIES ET TRAIT\u00c9ES<\/strong><\/th>\r\n<\/tr>\r\n<\/thead>\r\n<tbody>\r\n<tr>\r\n<td valign=\"top\" width=\"236\">Vous consultez une ou plusieurs pages du site.<\/td>\r\n<td valign=\"top\" width=\"406\">Adresse IP.<\/td>\r\n<\/tr>\r\n<tr>\r\n<td valign=\"top\" width=\"236\">Vous nous contactez via un formulaire \u00e9lectronique ou par e-mail.<\/td>\r\n<td valign=\"top\" width=\"406\">Nom, pr\u00e9nom et adresse e-mail que vous encodez.\r\n\r\nEchanges d&rsquo;e-mails via le formulaire de contact et les messageries.\r\n\r\nM\u00e9tadonn\u00e9es li\u00e9es ou non \u00e0 votre e-mail.<\/td>\r\n<\/tr>\r\n<tr>\r\n<td valign=\"top\" width=\"236\">\r\nVous nous contactez ou nous mentionnez sur les m\u00e9dias sociaux.<\/td>\r\n<td valign=\"top\" width=\"406\">\r\nLes informations de\u00a0votre profil sur les m\u00e9dias sociaux, en fonction de vos param\u00e8tres de confidentialit\u00e9 sur ces m\u00eames m\u00e9dias sociaux.<\/td>\r\n<\/tr>\r\n<\/tbody>\r\n<\/table>\r\nLes autres donn\u00e9es personnelles qui peuvent faire l&rsquo;objet d&rsquo;un traitement sont reprises dans le registre des traitements de donn\u00e9es.\r\n\r\nDes donn\u00e9es qui ne sont pas \u00e0 caract\u00e8re personnel sont \u00e9galement r\u00e9colt\u00e9es automatiquement sans faire de lien avec votre adresse IP, donc en respectant votre anonymat. Elles sont utilis\u00e9es pour \u00e9tablir des statistiques et am\u00e9liorer le contenu du site :\r\n<ul>\r\n \t<li>choix de la langue\u00a0;<\/li>\r\n \t<li>moteur de recherche utilis\u00e9\u00a0;<\/li>\r\n \t<li>mots-cl\u00e9s utilis\u00e9s\u00a0;<\/li>\r\n \t<li>site par lequel vous \u00eates arriv\u00e9\u00a0;<\/li>\r\n \t<li>pages consult\u00e9es ;<\/li>\r\n \t<li>dur\u00e9e de consultation par page\u00a0;<\/li>\r\n \t<li>liste des fichiers t\u00e9l\u00e9charg\u00e9s\u00a0;<\/li>\r\n \t<li>date et heure d&rsquo;acc\u00e8s ;<\/li>\r\n \t<li>navigateur utilis\u00e9\u00a0;<\/li>\r\n \t<li>plate-forme et\/ou syst\u00e8me d&rsquo;exploitation install\u00e9(e) sur votre ordinateur.<\/li>\r\n<\/ul>\r\n<\/li>\r\n \t<li>\r\n<h3>Dur\u00e9e de conservation<\/h3>\r\nLes donn\u00e9es sont conserv\u00e9es pendant une dur\u00e9e n\u2019exc\u00e9dant pas celle n\u00e9cessaire au regard des finalit\u00e9s pour lesquelles elles sont trait\u00e9es. Dans des cas exceptionnels, tels qu&rsquo;une proc\u00e9dure judiciaire, ces donn\u00e9es personnelles peuvent \u00eatre conserv\u00e9es plus longtemps.\r\n\r\nLes donn\u00e9es conserv\u00e9es \u00e0 des fins archivistiques, dans l&rsquo;int\u00e9r\u00eat public peuvent \u00e9galement \u00eatre conserv\u00e9es pour une dur\u00e9e plus longue que celle n\u00e9cessaire au regard des finalit\u00e9s pour lesquelles elles sont trait\u00e9es. M\u00eame dans le cas de donn\u00e9es \u00e0 caract\u00e8re personnel, la loi sur les Archives s\u2019applique.\r\n\r\nPour d\u00e9terminer quels sont les documents, bases de donn\u00e9es, \u2026 \u00e0 transf\u00e9rer aux Archives du Royaume, il faut se r\u00e9f\u00e9rer au\u00a0<a class=\"ext\" href=\"http:\/\/www.arch.be\/index.php?l=fr&amp;m=fonctionnaire&amp;r=trier-eliminer-des-documents&amp;sr=tableaux-de-tri\" target=\"_blank\" rel=\"noopener\" data-extlink=\"\">tableau de tri<\/a>\u00a0(introduisez SPF Economie comme terme de recherche\u00a0: toutes les listes de tri y sont reprises par Direction g\u00e9n\u00e9rale et Service d\u2019encadrement).<\/li>\r\n \t<li>\r\n<h3>Utilisation de cookies<\/h3>\r\nPour en savoir plus sur notre utilisation des cookies,\u00a0<a href=\"https:\/\/economie.fgov.be\/fr\/notre-politique-de-cookies\" data-entity-substitution=\"canonical\" data-entity-type=\"node\" data-entity-uuid=\"5173a8f6-4e41-4004-9350-7eda7e48c222\">consultez notre Politique de cookies<\/a>.<\/li>\r\n \t<li>\r\n<h3>\u00a0S\u00e9curit\u00e9<\/h3>\r\nLe Service public f\u00e9d\u00e9ral Economie, P.M.E., Classes moyennes et Energie garantit la s\u00e9curit\u00e9 (int\u00e9grit\u00e9 et confidentialit\u00e9) de vos donn\u00e9es personnelles. Elles sont prot\u00e9g\u00e9es notamment contre l&rsquo;acc\u00e8s non autoris\u00e9, l&rsquo;utilisation ill\u00e9gitime, la perte et des modifications non autoris\u00e9es.\r\n\r\nPour cela, nous utilisons des techniques et des proc\u00e9dures de s\u00e9curisation que nous ne d\u00e9taillons pas sur cette page pour des raisons de s\u00e9curit\u00e9.\r\n\r\nSachez toutefois que sur les plans physique, technique et organisationnel, les mesures appropri\u00e9es sont prises afin de garantir un niveau de s\u00e9curit\u00e9 adapt\u00e9 aux risques.<\/li>\r\n \t<li>\r\n<h3>\u00a0Droit d&rsquo;acc\u00e8s, de rectification, de limitation, d\u2019opposition et d\u2019effacement<\/h3>\r\nVous avez des droits concernant les donn\u00e9es personnelles que nous\u00a0traitons\u00a0: acc\u00e8s, rectification, opposition et effacement.\r\n\r\nVotre demande sera trait\u00e9e dans les 30 jours calendrier. Si celle-ci est complexe ou que nos services font face \u00e0 un grand nombre de demandes, ce d\u00e9lai sera prolong\u00e9 de 60 jours.\r\n\r\nPour exercer vos droits, adressez un e-mail ou un courrier \u00e0 notre d\u00e9l\u00e9gu\u00e9 \u00e0 la protection des donn\u00e9es, accompagn\u00e9 d\u2019un scan ou d\u2019une copie de votre titre d\u2019identit\u00e9 comportant votre signature.\r\n\r\nAdresses de contact\r\n\r\n<strong>Via e-mail\u00a0:<\/strong>\r\n<a class=\"mailto\" href=\"mailto:dpo@economie.fgov.be\" data-extlink=\"\">dpo@economie.fgov.be<\/a>\r\n\r\n<strong>Par courrier\u00a0:<\/strong>\r\n\r\n<address>Service public f\u00e9d\u00e9ral Economie, P.M.E., Classes moyennes et Energie\r\nData Protection Officer &#8211; Bureau du Pr\u00e9sident\r\nBureau 9 A01\r\nRue du Progr\u00e8s 50\r\n1210 Bruxelles<\/address><\/li>\r\n \t<li>\r\n<h3>R\u00e9clamations<\/h3>\r\nSi vous estimez que le Service public f\u00e9d\u00e9ral Economie, P.M.E., Classes moyennes et Energie n\u2019a pas trait\u00e9 vos donn\u00e9es personnelles conform\u00e9ment aux r\u00e8glementations en vigueur, vous avez le droit d\u2019introduire une r\u00e9clamation aupr\u00e8s de l&rsquo;Autorit\u00e9 de protection des donn\u00e9es\u00a0:\r\n\r\n<address><strong>Autorit\u00e9 de protection des donn\u00e9es<\/strong>\r\nRue de la Presse 35\r\n1000 Bruxelles<\/address>E-mail\u00a0:\u00a0<a class=\"mailto\" href=\"mailto:contact@apd-gba.be\" data-extlink=\"\">contact@apd-gba.be<\/a><\/li>\r\n \t<li>\r\n<h3>Contact<a id=\"_Hlk514078099\" name=\"_Hlk514078099\"><\/a><\/h3>\r\nPour toute demande d\u2019information concernant notre politique de protection des donn\u00e9es, contactez notre d\u00e9l\u00e9gu\u00e9 \u00e0 la protection des donn\u00e9es\u00a0:\r\n\r\n<strong>Via e-mail\u00a0:<\/strong>\r\n<a class=\"mailto\" href=\"mailto:dpo@economie.fgov.be\" data-extlink=\"\">dpo@economie.fgov.be<\/a>\r\n\r\n<strong>Par courrier\u00a0:<\/strong>\r\n\r\n<address>Service public f\u00e9d\u00e9ral Economie, P.M.E., Classes moyennes et Energie\r\nData Protection Officer &#8211; Bureau du Pr\u00e9sident\r\nBureau 9 A01\r\nRue du Progr\u00e8s 50\r\n1210 Bruxelles<\/address><\/li>\r\n<\/ol>\r\n<\/div>\r\n<\/article><\/section><\/div>\r\n<\/div>\r\n<\/div>\r\n<\/div>\r\n<\/div>\r\n<\/section><\/main>\r\n<div class=\"section section--footer\"><\/div>\t\t\t\t\t\t\t\t<\/div>\n\t\t\t\t<\/div>\n\t\t\t\t\t<\/div>\n\t\t<\/div>\n\t\t\t\t\t<\/div>\n\t\t<\/section>\n\t\t\t\t<\/div>\n\t\t","protected":false},"excerpt":{"rendered":"<p>D\u00e9claration de confidentialit\u00e9 Protection des donn\u00e9es personnelles Les informations qui suivent concernent\u00a0la protection de vos donn\u00e9es personnelles. Il s\u2019agit des donn\u00e9es qui permettent de vous identifier directement ou indirectement. Exemple\u00a0: votre pr\u00e9nom, nom de famille, adresse mail et adresse IP. La collecte de donn\u00e9es a lieu lorsque : vous naviguez sur les pages du site [&hellip;]<\/p>\n","protected":false},"author":1,"featured_media":0,"parent":0,"menu_order":0,"comment_status":"closed","ping_status":"closed","template":"","meta":{"_acf_changed":false,"footnotes":""},"class_list":["post-3987","page","type-page","status-publish","hentry"],"acf":[],"yoast_head":"<!-- This site is optimized with the Yoast SEO plugin v27.5 - https:\/\/yoast.com\/product\/yoast-seo-wordpress\/ -->\n<title>D\u00e9claration de confidentialit\u00e9 - BeDigitalTogether - Be Digital Together<\/title>\n<meta name=\"robots\" content=\"index, follow, max-snippet:-1, max-image-preview:large, max-video-preview:-1\" \/>\n<link rel=\"canonical\" href=\"https:\/\/www.bedigitaltogether.be\/fr\/\" \/>\n<meta property=\"og:locale\" content=\"fr_FR\" \/>\n<meta property=\"og:type\" content=\"article\" \/>\n<meta property=\"og:title\" content=\"D\u00e9claration de confidentialit\u00e9 - BeDigitalTogether - Be Digital Together\" \/>\n<meta property=\"og:description\" content=\"D\u00e9claration de confidentialit\u00e9 Protection des donn\u00e9es personnelles Les informations qui suivent concernent\u00a0la protection de vos donn\u00e9es personnelles. Il s\u2019agit des donn\u00e9es qui permettent de vous identifier directement ou indirectement. Exemple\u00a0: votre pr\u00e9nom, nom de famille, adresse mail et adresse IP. La collecte de donn\u00e9es a lieu lorsque : vous naviguez sur les pages du site [&hellip;]\" \/>\n<meta property=\"og:url\" content=\"https:\/\/www.bedigitaltogether.be\/fr\/\" \/>\n<meta property=\"og:site_name\" content=\"BeDigitalTogether\" \/>\n<meta property=\"article:modified_time\" content=\"2022-03-16T15:44:47+00:00\" \/>\n<meta name=\"twitter:card\" content=\"summary_large_image\" \/>\n<meta name=\"twitter:label1\" content=\"Dur\u00e9e de lecture estim\u00e9e\" \/>\n\t<meta name=\"twitter:data1\" content=\"5 minutes\" \/>\n<script type=\"application\/ld+json\" class=\"yoast-schema-graph\">{\"@context\":\"https:\\\/\\\/schema.org\",\"@graph\":[{\"@type\":\"WebPage\",\"@id\":\"https:\\\/\\\/www.bedigitaltogether.be\\\/fr\\\/declaration-de-confidentialite\\\/\",\"url\":\"https:\\\/\\\/www.bedigitaltogether.be\\\/fr\\\/declaration-de-confidentialite\\\/\",\"name\":\"D\u00e9claration de confidentialit\u00e9 - BeDigitalTogether - Be Digital Together\",\"isPartOf\":{\"@id\":\"https:\\\/\\\/www.bedigitaltogether.be\\\/fr\\\/#website\"},\"datePublished\":\"2022-02-03T11:44:50+00:00\",\"dateModified\":\"2022-03-16T15:44:47+00:00\",\"breadcrumb\":{\"@id\":\"https:\\\/\\\/www.bedigitaltogether.be\\\/fr\\\/declaration-de-confidentialite\\\/#breadcrumb\"},\"inLanguage\":\"fr-FR\",\"potentialAction\":[{\"@type\":\"ReadAction\",\"target\":[\"https:\\\/\\\/www.bedigitaltogether.be\\\/fr\\\/declaration-de-confidentialite\\\/\"]}]},{\"@type\":\"BreadcrumbList\",\"@id\":\"https:\\\/\\\/www.bedigitaltogether.be\\\/fr\\\/declaration-de-confidentialite\\\/#breadcrumb\",\"itemListElement\":[{\"@type\":\"ListItem\",\"position\":1,\"name\":\"Accueil\",\"item\":\"https:\\\/\\\/www.bedigitaltogether.be\\\/fr\\\/\"},{\"@type\":\"ListItem\",\"position\":2,\"name\":\"D\u00e9claration de confidentialit\u00e9\"}]},{\"@type\":\"WebSite\",\"@id\":\"https:\\\/\\\/www.bedigitaltogether.be\\\/fr\\\/#website\",\"url\":\"https:\\\/\\\/www.bedigitaltogether.be\\\/fr\\\/\",\"name\":\"BeDigitalTogether\",\"description\":\"\",\"potentialAction\":[{\"@type\":\"SearchAction\",\"target\":{\"@type\":\"EntryPoint\",\"urlTemplate\":\"https:\\\/\\\/www.bedigitaltogether.be\\\/fr\\\/?s={search_term_string}\"},\"query-input\":{\"@type\":\"PropertyValueSpecification\",\"valueRequired\":true,\"valueName\":\"search_term_string\"}}],\"inLanguage\":\"fr-FR\"}]}<\/script>\n<!-- \/ Yoast SEO plugin. -->","yoast_head_json":{"title":"D\u00e9claration de confidentialit\u00e9 - BeDigitalTogether - Be Digital Together","robots":{"index":"index","follow":"follow","max-snippet":"max-snippet:-1","max-image-preview":"max-image-preview:large","max-video-preview":"max-video-preview:-1"},"canonical":"https:\/\/www.bedigitaltogether.be\/fr\/","og_locale":"fr_FR","og_type":"article","og_title":"D\u00e9claration de confidentialit\u00e9 - BeDigitalTogether - Be Digital Together","og_description":"D\u00e9claration de confidentialit\u00e9 Protection des donn\u00e9es personnelles Les informations qui suivent concernent\u00a0la protection de vos donn\u00e9es personnelles. Il s\u2019agit des donn\u00e9es qui permettent de vous identifier directement ou indirectement. Exemple\u00a0: votre pr\u00e9nom, nom de famille, adresse mail et adresse IP. La collecte de donn\u00e9es a lieu lorsque : vous naviguez sur les pages du site [&hellip;]","og_url":"https:\/\/www.bedigitaltogether.be\/fr\/","og_site_name":"BeDigitalTogether","article_modified_time":"2022-03-16T15:44:47+00:00","twitter_card":"summary_large_image","twitter_misc":{"Dur\u00e9e de lecture estim\u00e9e":"5 minutes"},"schema":{"@context":"https:\/\/schema.org","@graph":[{"@type":"WebPage","@id":"https:\/\/www.bedigitaltogether.be\/fr\/declaration-de-confidentialite\/","url":"https:\/\/www.bedigitaltogether.be\/fr\/declaration-de-confidentialite\/","name":"D\u00e9claration de confidentialit\u00e9 - BeDigitalTogether - Be Digital Together","isPartOf":{"@id":"https:\/\/www.bedigitaltogether.be\/fr\/#website"},"datePublished":"2022-02-03T11:44:50+00:00","dateModified":"2022-03-16T15:44:47+00:00","breadcrumb":{"@id":"https:\/\/www.bedigitaltogether.be\/fr\/declaration-de-confidentialite\/#breadcrumb"},"inLanguage":"fr-FR","potentialAction":[{"@type":"ReadAction","target":["https:\/\/www.bedigitaltogether.be\/fr\/declaration-de-confidentialite\/"]}]},{"@type":"BreadcrumbList","@id":"https:\/\/www.bedigitaltogether.be\/fr\/declaration-de-confidentialite\/#breadcrumb","itemListElement":[{"@type":"ListItem","position":1,"name":"Accueil","item":"https:\/\/www.bedigitaltogether.be\/fr\/"},{"@type":"ListItem","position":2,"name":"D\u00e9claration de confidentialit\u00e9"}]},{"@type":"WebSite","@id":"https:\/\/www.bedigitaltogether.be\/fr\/#website","url":"https:\/\/www.bedigitaltogether.be\/fr\/","name":"BeDigitalTogether","description":"","potentialAction":[{"@type":"SearchAction","target":{"@type":"EntryPoint","urlTemplate":"https:\/\/www.bedigitaltogether.be\/fr\/?s={search_term_string}"},"query-input":{"@type":"PropertyValueSpecification","valueRequired":true,"valueName":"search_term_string"}}],"inLanguage":"fr-FR"}]}},"_links":{"self":[{"href":"https:\/\/www.bedigitaltogether.be\/fr\/wp-json\/wp\/v2\/pages\/3987","targetHints":{"allow":["GET"]}}],"collection":[{"href":"https:\/\/www.bedigitaltogether.be\/fr\/wp-json\/wp\/v2\/pages"}],"about":[{"href":"https:\/\/www.bedigitaltogether.be\/fr\/wp-json\/wp\/v2\/types\/page"}],"author":[{"embeddable":true,"href":"https:\/\/www.bedigitaltogether.be\/fr\/wp-json\/wp\/v2\/users\/1"}],"replies":[{"embeddable":true,"href":"https:\/\/www.bedigitaltogether.be\/fr\/wp-json\/wp\/v2\/comments?post=3987"}],"version-history":[{"count":1,"href":"https:\/\/www.bedigitaltogether.be\/fr\/wp-json\/wp\/v2\/pages\/3987\/revisions"}],"predecessor-version":[{"id":3988,"href":"https:\/\/www.bedigitaltogether.be\/fr\/wp-json\/wp\/v2\/pages\/3987\/revisions\/3988"}],"wp:attachment":[{"href":"https:\/\/www.bedigitaltogether.be\/fr\/wp-json\/wp\/v2\/media?parent=3987"}],"curies":[{"name":"wp","href":"https:\/\/api.w.org\/{rel}","templated":true}]}}