{"version":"1.0","provider_name":"BeDigitalTogether","provider_url":"https:\/\/www.bedigitaltogether.be\/fr\/","author_name":"admin","author_url":"https:\/\/www.bedigitaltogether.be\/fr\/author\/lh_2l609ggp\/","title":"Plan d'Appropriation Num\u00e9rique (PAN) - action 66 - BeDigitalTogether - Be Digital Together","type":"rich","width":600,"height":338,"html":"<blockquote class=\"wp-embedded-content\" data-secret=\"nsupeAVmuf\"><a href=\"https:\/\/www.bedigitaltogether.be\/fr\/plan-dappropriation-numerique-pan-action-66\/\">Plan d&rsquo;Appropriation Num\u00e9rique (PAN) &#8211; action 66<\/a><\/blockquote><iframe sandbox=\"allow-scripts\" security=\"restricted\" src=\"https:\/\/www.bedigitaltogether.be\/fr\/plan-dappropriation-numerique-pan-action-66\/embed\/#?secret=nsupeAVmuf\" width=\"600\" height=\"338\" title=\"\u00ab\u00a0Plan d&rsquo;Appropriation Num\u00e9rique (PAN) &#8211; action 66\u00a0\u00bb &#8212; BeDigitalTogether\" data-secret=\"nsupeAVmuf\" frameborder=\"0\" marginwidth=\"0\" marginheight=\"0\" scrolling=\"no\" class=\"wp-embedded-content\"><\/iframe><script type=\"text\/javascript\">\n\/* <![CDATA[ *\/\n\/*! This file is auto-generated *\/\n!function(d,l){\"use strict\";l.querySelector&&d.addEventListener&&\"undefined\"!=typeof URL&&(d.wp=d.wp||{},d.wp.receiveEmbedMessage||(d.wp.receiveEmbedMessage=function(e){var t=e.data;if((t||t.secret||t.message||t.value)&&!\/[^a-zA-Z0-9]\/.test(t.secret)){for(var s,r,n,a=l.querySelectorAll('iframe[data-secret=\"'+t.secret+'\"]'),o=l.querySelectorAll('blockquote[data-secret=\"'+t.secret+'\"]'),c=new RegExp(\"^https?:$\",\"i\"),i=0;i<o.length;i++)o[i].style.display=\"none\";for(i=0;i<a.length;i++)s=a[i],e.source===s.contentWindow&&(s.removeAttribute(\"style\"),\"height\"===t.message?(1e3<(r=parseInt(t.value,10))?r=1e3:~~r<200&&(r=200),s.height=r):\"link\"===t.message&&(r=new URL(s.getAttribute(\"src\")),n=new URL(t.value),c.test(n.protocol))&&n.host===r.host&&l.activeElement===s&&(d.top.location.href=t.value))}},d.addEventListener(\"message\",d.wp.receiveEmbedMessage,!1),l.addEventListener(\"DOMContentLoaded\",function(){for(var e,t,s=l.querySelectorAll(\"iframe.wp-embedded-content\"),r=0;r<s.length;r++)(t=(e=s[r]).getAttribute(\"data-secret\"))||(t=Math.random().toString(36).substring(2,12),e.src+=\"#?secret=\"+t,e.setAttribute(\"data-secret\",t)),e.contentWindow.postMessage({message:\"ready\",secret:t},\"*\")},!1)))}(window,document);\n\/\/# sourceURL=https:\/\/www.bedigitaltogether.be\/wp-includes\/js\/wp-embed.min.js\n\/* ]]> *\/\n<\/script>\n","description":"Encourager davantage de femmes chercheuses d\u2019emploi et fr\u00e9quentant les EPN \u00e0 participer \u00e0 des formations IT de base, que ce soit au moment de l\u2019inscription en tant que demandeuses d\u2019emploi mais \u00e9galement par le biais de campagne de communication et de sensibilisation (en collaboration avec Actiris, Bruxelles Formation, les EPN,\u2026). Que tous les Bruxellois puissent [&hellip;]"}