{"version":"1.0","provider_name":"BeDigitalTogether","provider_url":"https:\/\/www.bedigitaltogether.be\/fr\/","author_name":"admin","author_url":"https:\/\/www.bedigitaltogether.be\/fr\/author\/lh_2l609ggp\/","title":"Plan d'Appropriation Num\u00e9rique (PAN) - action 45 - BeDigitalTogether - Be Digital Together","type":"rich","width":600,"height":338,"html":"<blockquote class=\"wp-embedded-content\" data-secret=\"YXhQm2fDYw\"><a href=\"https:\/\/www.bedigitaltogether.be\/fr\/plan-dappropriation-numerique-pan-action-45\/\">Plan d&rsquo;Appropriation Num\u00e9rique (PAN) &#8211; action 45<\/a><\/blockquote><iframe sandbox=\"allow-scripts\" security=\"restricted\" src=\"https:\/\/www.bedigitaltogether.be\/fr\/plan-dappropriation-numerique-pan-action-45\/embed\/#?secret=YXhQm2fDYw\" width=\"600\" height=\"338\" title=\"\u00ab\u00a0Plan d&rsquo;Appropriation Num\u00e9rique (PAN) &#8211; action 45\u00a0\u00bb &#8212; BeDigitalTogether\" data-secret=\"YXhQm2fDYw\" frameborder=\"0\" marginwidth=\"0\" marginheight=\"0\" scrolling=\"no\" class=\"wp-embedded-content\"><\/iframe><script type=\"text\/javascript\">\n\/* <![CDATA[ *\/\n\/*! This file is auto-generated *\/\n!function(d,l){\"use strict\";l.querySelector&&d.addEventListener&&\"undefined\"!=typeof URL&&(d.wp=d.wp||{},d.wp.receiveEmbedMessage||(d.wp.receiveEmbedMessage=function(e){var t=e.data;if((t||t.secret||t.message||t.value)&&!\/[^a-zA-Z0-9]\/.test(t.secret)){for(var s,r,n,a=l.querySelectorAll('iframe[data-secret=\"'+t.secret+'\"]'),o=l.querySelectorAll('blockquote[data-secret=\"'+t.secret+'\"]'),c=new RegExp(\"^https?:$\",\"i\"),i=0;i<o.length;i++)o[i].style.display=\"none\";for(i=0;i<a.length;i++)s=a[i],e.source===s.contentWindow&&(s.removeAttribute(\"style\"),\"height\"===t.message?(1e3<(r=parseInt(t.value,10))?r=1e3:~~r<200&&(r=200),s.height=r):\"link\"===t.message&&(r=new URL(s.getAttribute(\"src\")),n=new URL(t.value),c.test(n.protocol))&&n.host===r.host&&l.activeElement===s&&(d.top.location.href=t.value))}},d.addEventListener(\"message\",d.wp.receiveEmbedMessage,!1),l.addEventListener(\"DOMContentLoaded\",function(){for(var e,t,s=l.querySelectorAll(\"iframe.wp-embedded-content\"),r=0;r<s.length;r++)(t=(e=s[r]).getAttribute(\"data-secret\"))||(t=Math.random().toString(36).substring(2,12),e.src+=\"#?secret=\"+t,e.setAttribute(\"data-secret\",t)),e.contentWindow.postMessage({message:\"ready\",secret:t},\"*\")},!1)))}(window,document);\n\/\/# sourceURL=https:\/\/www.bedigitaltogether.be\/wp-includes\/js\/wp-embed.min.js\n\/* ]]> *\/\n<\/script>\n","description":"Soutenir via des appels \u00e0 projets les associations au sein de la RBC actives dans la promotion, le soutien et l\u2019aide num\u00e9rique aux jeunes. Que tous les Bruxellois puissent pouvoir utiliser et b\u00e9n\u00e9ficier du num\u00e9rique, en termes d&#8217;emploi, d&rsquo;\u00e9ducation, de pouvoir d&rsquo;achat, de lien social et d&rsquo;\u00e9mancipation ! La R\u00e9gion de Bruxelles-Capitale s&rsquo;engage \u00e0 relever [&hellip;]"}