{"id":7605,"date":"2022-02-03T11:44:50","date_gmt":"2022-02-03T11:44:50","guid":{"rendered":"https:\/\/www.bedigitaltogether.be\/vertraulichkeitserklaerung\/"},"modified":"2022-04-05T08:24:36","modified_gmt":"2022-04-05T08:24:36","slug":"vertraulichkeitserklaerung","status":"publish","type":"page","link":"https:\/\/www.bedigitaltogether.be\/de\/vertraulichkeitserklaerung\/","title":{"rendered":"Vertraulichkeitserkl\u00e4rung"},"content":{"rendered":"\t\t<div data-elementor-type=\"wp-page\" data-elementor-id=\"7605\" class=\"elementor elementor-7605 elementor-3\" data-elementor-post-type=\"page\">\n\t\t\t\t\t\t<section class=\"elementor-section elementor-top-section elementor-element elementor-element-327afab elementor-section-boxed elementor-section-height-default elementor-section-height-default\" data-id=\"327afab\" data-element_type=\"section\">\n\t\t\t\t\t\t<div class=\"elementor-container elementor-column-gap-default\">\n\t\t\t\t\t<div class=\"elementor-column elementor-col-100 elementor-top-column elementor-element elementor-element-55fea13\" data-id=\"55fea13\" data-element_type=\"column\">\n\t\t\t<div class=\"elementor-widget-wrap elementor-element-populated\">\n\t\t\t\t\t\t<div class=\"elementor-element elementor-element-27f77c9 elementor-widget elementor-widget-html\" data-id=\"27f77c9\" data-element_type=\"widget\" data-widget_type=\"html.default\">\n\t\t\t\t<div class=\"elementor-widget-container\">\n\t\t\t\t\t<script> \r\njQuery(document).ready(function($) { \r\nvar delay = 100; setTimeout(function() { \r\n$('.elementor-widget-table-of-contents').addClass('elementor-toc--collapsed');\r\n $('.elementor-toc__body').css('display', 'none'); }, delay); \r\n}); \r\n<\/script>\t\t\t\t<\/div>\n\t\t\t\t<\/div>\n\t\t\t\t<div class=\"elementor-element elementor-element-5ab09bb elementor-toc--minimized-on-tablet elementor-widget elementor-widget-table-of-contents\" data-id=\"5ab09bb\" data-element_type=\"widget\" data-settings=\"{&quot;headings_by_tags&quot;:[&quot;h3&quot;],&quot;exclude_headings_by_selector&quot;:[],&quot;marker_view&quot;:&quot;numbers&quot;,&quot;no_headings_message&quot;:&quot;Es wurden keine \\u00dcberschriften auf dieser Seite gefunden.&quot;,&quot;minimize_box&quot;:&quot;yes&quot;,&quot;minimized_on&quot;:&quot;tablet&quot;,&quot;hierarchical_view&quot;:&quot;yes&quot;,&quot;min_height&quot;:{&quot;unit&quot;:&quot;px&quot;,&quot;size&quot;:&quot;&quot;,&quot;sizes&quot;:[]},&quot;min_height_tablet&quot;:{&quot;unit&quot;:&quot;px&quot;,&quot;size&quot;:&quot;&quot;,&quot;sizes&quot;:[]},&quot;min_height_mobile&quot;:{&quot;unit&quot;:&quot;px&quot;,&quot;size&quot;:&quot;&quot;,&quot;sizes&quot;:[]}}\" data-widget_type=\"table-of-contents.default\">\n\t\t\t\t<div class=\"elementor-widget-container\">\n\t\t\t\t\t\t\t<div class=\"elementor-toc__header\">\n\t\t\t<h2 class=\"elementor-toc__header-title\">\n\t\t\t\tVertraulichkeitserkl\u00e4rung\t\t\t<\/h2>\n\t\t\t\t\t\t\t<div class=\"elementor-toc__toggle-button elementor-toc__toggle-button--expand\" role=\"button\" tabindex=\"0\" aria-controls=\"elementor-toc__5ab09bb\" aria-expanded=\"true\" aria-label=\"Inhaltsverzeichnis \u00f6ffnen\"><i aria-hidden=\"true\" class=\"fas fa-chevron-down\"><\/i><\/div>\n\t\t\t\t<div class=\"elementor-toc__toggle-button elementor-toc__toggle-button--collapse\" role=\"button\" tabindex=\"0\" aria-controls=\"elementor-toc__5ab09bb\" aria-expanded=\"true\" aria-label=\"Inhaltsverzeichnis schlie\u00dfen\"><i aria-hidden=\"true\" class=\"fas fa-chevron-up\"><\/i><\/div>\n\t\t\t\t\t<\/div>\n\t\t<div id=\"elementor-toc__5ab09bb\" class=\"elementor-toc__body\">\n\t\t\t<div class=\"elementor-toc__spinner-container\">\n\t\t\t\t<i class=\"elementor-toc__spinner eicon-animation-spin eicon-loading\" aria-hidden=\"true\"><\/i>\t\t\t<\/div>\n\t\t<\/div>\n\t\t\t\t\t\t<\/div>\n\t\t\t\t<\/div>\n\t\t\t\t\t<\/div>\n\t\t<\/div>\n\t\t\t\t\t<\/div>\n\t\t<\/section>\n\t\t\t\t<section class=\"elementor-section elementor-top-section elementor-element elementor-element-7e8c173 elementor-section-boxed elementor-section-height-default elementor-section-height-default\" data-id=\"7e8c173\" data-element_type=\"section\">\n\t\t\t\t\t\t<div class=\"elementor-container elementor-column-gap-default\">\n\t\t\t\t\t<div class=\"elementor-column elementor-col-100 elementor-top-column elementor-element elementor-element-1dc94dd3\" data-id=\"1dc94dd3\" data-element_type=\"column\">\n\t\t\t<div class=\"elementor-widget-wrap elementor-element-populated\">\n\t\t\t\t\t\t<div class=\"elementor-element elementor-element-10c3487 elementor-widget elementor-widget-heading\" data-id=\"10c3487\" data-element_type=\"widget\" data-widget_type=\"heading.default\">\n\t\t\t\t<div class=\"elementor-widget-container\">\n\t\t\t\t\t<h2 class=\"elementor-heading-title elementor-size-default\">Schutz von personenbezogenen Daten<\/h2>\t\t\t\t<\/div>\n\t\t\t\t<\/div>\n\t\t\t\t<div class=\"elementor-element elementor-element-cf9b7a5 elementor-widget elementor-widget-text-editor\" data-id=\"cf9b7a5\" data-element_type=\"widget\" data-widget_type=\"text-editor.default\">\n\t\t\t\t<div class=\"elementor-widget-container\">\n\t\t\t\t\t\t\t\t\tDiese Informationen beziehen sich auf den Schutz Ihrer pers\u00f6nlichen Daten. Dies sind diejenigen Daten, anhand derer Sie direkt oder indirekt identifiziert werden k\u00f6nnen, beispielsweise Ihr Vorname, Nachname, Ihre E-Mail- und IP-Adresse.\r\n\r\nPersonenbezogene Daten werden zu folgenden Anl\u00e4ssen erfasst:\r\n<ul>\r\n \t<li>Bei einem Besuch der Webseite von der F\u00d6D Wirtschaft, K.M.B., Mittelstand und Energie. In Ihrem Browser beginnen diese mit \u201e<a href=\"https:\/\/economie.fgov.be\/\">https:\/\/economie.fgov.be<\/a>\u201c.\r\nWenn ein Link zu einem anderen Webportal bzw. einer Webseite, einer Online-Applikation oder einem sozialen Netzwerk f\u00fchrt, m\u00fcssen Sie auf die Bedingungen f\u00fcr die Verarbeitung personenbezogener Daten der f\u00fcr diese Dienste Verantwortlichen beziehen.<\/li>\r\n \t<li>Bei einer Kontaktaufnahme mit uns (per Telefon, E-Mail, sozcialen Medien).<\/li>\r\n \t<li>Sie erw\u00e4hnen uns in den sozialen Medien.<\/li>\r\n<\/ul>\r\nDieser Schutz ist durch folgende Rechtsvorschriften geregelt:\r\n<ul>\r\n \t<li><a class=\"ext\" href=\"https:\/\/eur-lex.europa.eu\/legal-content\/FR\/TXT\/?uri=CELEX%3A32016R0679\" target=\"_blank\" rel=\"noopener\" data-extlink=\"\">Europ\u00e4ische Verordnung (EU) 2016\/679 des Europ\u00e4ischen Parlaments und des Rates vom 27. April 2016 (in Kraft getreten am 25. Mai 2018) zum Schutz nat\u00fcrlicher Personen bei der Verarbeitung personenbezogener Daten und zum freien Datenverkehr (DSGVO)<\/a><\/li>\r\n<\/ul>\t\t\t\t\t\t\t\t<\/div>\n\t\t\t\t<\/div>\n\t\t\t\t<div class=\"elementor-element elementor-element-189b4114 elementor-widget elementor-widget-text-editor\" data-id=\"189b4114\" data-element_type=\"widget\" data-widget_type=\"text-editor.default\">\n\t\t\t\t<div class=\"elementor-widget-container\">\n\t\t\t\t\t\t\t\t\t<ol>\r\n \t<li>\r\n<h3>Rechtsgrundlagen und Zwecke der Verarbeitungsvorg\u00e4nge<\/h3>\r\nPersonenbezogene Daten werden zu folgenden Zwecken erfasst und verarbeitet:\r\n<ul>\r\n \t<li>um Sie zu unterrichten<\/li>\r\n \t<li>um Ihre Fragen zu beantworten<\/li>\r\n \t<li>um die Sie betreffenden Vorg\u00e4nge zu bearbeiten<\/li>\r\n<\/ul>\r\nDaten werden ebenfalls anonym erfasst und verarbeitet:\r\n<ul>\r\n \t<li>zu statistischen und qualitativen Zwecken, mit dem Ziel, unsere Dienstleistungen zu verbessern<\/li>\r\n \t<li>um Ihnen eine Antwort in Ihrer Sprache geben zu k\u00f6nnen<\/li>\r\n<\/ul>\r\nWenn Ihr Antrag Informationen oder Dienstleistungen einer anderen Verwaltung betrifft, teilen wir Ihnen die Details dieser Verwaltung mit, und es steht Ihnen frei, diese zu kontaktieren oder nicht.<\/li>\r\n \t<li>\r\n<h3>Verarbeitete Daten<\/h3>\r\nIn den drei nachfolgend dargestellten Situationen werden personenbezogene Daten automatisch erfasst und verarbeitet:\r\n<table class=\"table table-striped\">\r\n<thead>\r\n<tr>\r\n<th valign=\"top\" width=\"245\"><strong>SITUATION<\/strong><\/th>\r\n<th valign=\"top\" width=\"396\"><strong>ERFASSTE UND VERARBEITETE DATEN<\/strong><\/th>\r\n<\/tr>\r\n<\/thead>\r\n<tbody>\r\n<tr>\r\n<td valign=\"top\" width=\"245\">Sie besuchen eine oder mehrere Internetseiten<\/td>\r\n<td valign=\"top\" width=\"396\">IP-Adresse<\/td>\r\n<\/tr>\r\n<tr>\r\n<td valign=\"top\" width=\"245\">Sie treten mit uns \u00fcber ein elektronisches Formular oder per E-Mail in Kontakt<\/td>\r\n<td valign=\"top\" width=\"396\">Der von Ihnen angegebene Name, Vorname und die E-Mail-Adresse\r\n\r\nAustausch von E-Mails \u00fcber das Kontaktformular und per Daten\u00fcbermittlung\r\n\r\nMetadaten, die m\u00f6glicherweise mit Ihrer E-Mail verbunden sind<\/td>\r\n<\/tr>\r\n<tr>\r\n<td valign=\"top\" width=\"245\">Sie kontaktieren oder erw\u00e4hnen uns in den sozialen Medien<\/td>\r\n<td valign=\"top\" width=\"396\">Die Informationen in Ihrem Profil in den sozialen Medien entsprechend Ihren Datenschutzeinstellungen in diesen sozialen Medien<\/td>\r\n<\/tr>\r\n<\/tbody>\r\n<\/table>\r\nDie sonstigen personenbezogenen Daten, die Gegenstand einer Verarbeitung sein k\u00f6nnen, sind im Register der Datenverarbeitung erfasst.\r\n\r\nDaten, die nicht personenbezogen sind, werden ebenfalls automatisch ohne Kopplung an Ihre IP-Adresse und somit unter Wahrung Ihrer Anonymit\u00e4t erfasst. Sie werden zu statistischen Zwecken genutzt und um den Inhalt des Webportals zu verbessern:\r\n<ul>\r\n \t<li>Sprachwahl<\/li>\r\n \t<li>verwendete Suchmaschine<\/li>\r\n \t<li>verwendete Schl\u00fcsselw\u00f6rter<\/li>\r\n \t<li>Webseite, \u00fcber die Sie gekommen sind<\/li>\r\n \t<li>besuchte Seiten<\/li>\r\n \t<li>Besuchsdauer pro Seite<\/li>\r\n \t<li>Liste der heruntergeladenen Dateien<\/li>\r\n \t<li>Datum und Uhrzeit des Zugriffs<\/li>\r\n \t<li>verwendeter Browser<\/li>\r\n \t<li>Plattform bzw. Betriebssystem, das auf Ihrem Computer installiert ist<\/li>\r\n<\/ul>\r\n<\/li>\r\n \t<li>\r\n<h3>Dauer der Speicherung<\/h3>\r\nDie Daten werden nicht l\u00e4nger aufbewahrt, als es f\u00fcr die Zwecke, f\u00fcr die sie verarbeitet werden, erforderlich ist. In Ausnahmef\u00e4llen, wie z.B. bei Gerichtsverfahren, k\u00f6nnen diese pers\u00f6nlichen Daten l\u00e4nger aufbewahrt werden.\r\n\r\nDaten, die zu Archivierungszwecken im \u00f6ffentlichen Interesse aufbewahrt werden, k\u00f6nnen auch l\u00e4nger aufbewahrt werden, als es f\u00fcr die Zwecke, f\u00fcr die sie verarbeitet werden, erforderlich ist. Auch bei personenbezogenen Daten gilt das Archivierungsgesetz.\r\n\r\nUm zu bestimmen, welche Dokumente, Datenbanken, usw. an das Generalstaatsarchiv \u00fcbertragen werden sollen, muss man sich auf die\u00a0<a class=\"ext\" href=\"http:\/\/www.arch.be\/index.php?l=de&amp;m=beamte&amp;r=schriftgut-bewerten-aussondern&amp;sr=bewertungsverzeichnisse\" target=\"_blank\" rel=\"noopener\" data-extlink=\"\">Sortierungstabelle<\/a>\u00a0des F\u00f6deralen \u00d6ffentlichen Dienstes Wirtschaft, KMB, Mittelstand und Energie oder F\u00d6D Wirtschaft beziehen (w\u00e4hlen Sie den F\u00d6D Wirtschaft: alle Sortierlisten werden nach Generaldirektion und Verwaltungsdienst aufgelistet).<\/li>\r\n \t<li>\r\n<h3>Verwendung von Cookies<\/h3>\r\nWollen Sie mehr \u00fcber unsere Verwendung von Cookies erfahren,\u00a0<a href=\"https:\/\/economie.fgov.be\/de\/unsere-cookie-richtlinie\" data-entity-substitution=\"canonical\" data-entity-type=\"node\" data-entity-uuid=\"5173a8f6-4e41-4004-9350-7eda7e48c222\">lesen Sie unsere Cookie-Richtlinie<\/a>.<\/li>\r\n \t<li>\r\n<h3>Sicherheit<\/h3>\r\nDer F\u00d6D Wirtschaft, K.M.B. Mittelstand und Energie gew\u00e4hrleistet die Sicherheit (Integrit\u00e4t und Vertraulichkeit) Ihrer personenbezogenen Daten. Sie sind gegen unbefugten Zugriff, unbefugte Nutzung, Verlust und unberechtigte \u00c4nderungen gesch\u00fctzt.\r\n\r\nWir verwenden dazu Sicherheitstechniken und -verfahren, die wir hier aus Sicherheitsgr\u00fcnden nicht im Detail beschreiben k\u00f6nnen.\r\n\r\nBitte beachten Sie: Auf physikalischer, technischer und organisatorischer Ebene werden geeignete Ma\u00dfnahmen ergriffen, um ein den Risiken angepasstes Sicherheitsniveau zu gew\u00e4hrleisten.<a id=\"article5\" name=\"article5\"><\/a><a id=\"article6\" name=\"article6\"><\/a><\/li>\r\n \t<li>\r\n<h3>Recht auf Einsichtnahme, Korrektur, Beschr\u00e4nkung, Widerspruch und L\u00f6schung<\/h3>\r\nSie haben bestimmte Rechte in Bezug auf die von uns genutzten personenbezogenen Daten: das Recht auf Einsichtnahme, Korrektur, Beschr\u00e4nkung, Widerspruch und L\u00f6schung.\r\n\r\nIhr Antrag wird innerhalb von 30 Kalendertagen bearbeitet. Sollte Ihr Antrag komplex sein oder falls unsere Dienststellen zahlreiche Antr\u00e4ge zu bearbeiten haben, wird diese Frist um 60 Tage verl\u00e4ngert.\r\n\r\nZur Wahrnehmung Ihrer Rechte senden Sie eine E-Mail oder einen Brief zusammen mit einem Scan oder einer Kopie Ihres Personalausweises sowie mit Ihrer Unterschrift an unseren Datenschutzbeauftragten:\r\n<h4>Per E-mail:<\/h4>\r\n<a class=\"mailto\" href=\"mailto:DPO@economie.fgov.be\" data-extlink=\"\">DPO@economie.fgov.be<\/a>\r\n<h4>Per Post:<\/h4>\r\n<address>F\u00f6deraler \u00d6ffentlicher Dienst Wirtschaft, K.M.B., Mittelstand und Energie\r\nData Protection Officer &#8211; Bureau du Pr\u00e9sident\r\nBureau 9 A01\r\nRue du Progr\u00e8s 50\r\n1210 Br\u00fcssel<\/address><\/li>\r\n \t<li>\r\n<h3>Beschwerden<\/h3>\r\nWenn Sie der Meinung sind, dass der F\u00f6derale \u00d6ffentliche Dienst Wirtschaft, K.M.B., Mittelstand und Energie Ihre personenbezogenen Daten nicht in \u00dcbereinstimmung mit den geltenden Vorschriften verarbeitet hat, k\u00f6nnen Sie eine Beschwerde an die Datenschutzbeh\u00f6rde richten:\r\n\r\n<address><strong>Datenschutzbeh\u00f6rde<\/strong>\r\nRue de la Presse 35\r\n1000 Br\u00fcssel<\/address>E-mail:\u00a0<a class=\"mailto\" href=\"mailto:contact@apd-gba.be\" data-extlink=\"\">contact@apd-gba.be<\/a><\/li>\r\n \t<li>\r\n<h3>Kontakt<\/h3>\r\nF\u00fcr weitere Informationen zu unseren Datenschutzrichtlinien wenden Sie sich bitte an unseren Datenschutzbeauftragten:\r\n<h4>Per E-mail:<\/h4>\r\n<a class=\"mailto\" href=\"mailto:DPO@economie.fgov.be\" data-extlink=\"\">DPO@economie.fgov.be<\/a>\r\n<h4>Per Post:<\/h4>\r\n<address>F\u00f6deraler \u00d6ffentlicher Dienst Wirtschaft, K.M.B., Mittelstand und Energie\r\nData Protection Officer &#8211; Bureau du Pr\u00e9sident\r\nBureau 9 A01\r\nRue du Progr\u00e8s 50\r\n1210 Br\u00fcssel<\/address><\/li>\r\n<\/ol>\t\t\t\t\t\t\t\t<\/div>\n\t\t\t\t<\/div>\n\t\t\t\t\t<\/div>\n\t\t<\/div>\n\t\t\t\t\t<\/div>\n\t\t<\/section>\n\t\t\t\t<\/div>\n\t\t","protected":false},"excerpt":{"rendered":"<p>Vertraulichkeitserkl\u00e4rung Schutz von personenbezogenen Daten Diese Informationen beziehen sich auf den Schutz Ihrer pers\u00f6nlichen Daten. Dies sind diejenigen Daten, anhand derer Sie direkt oder indirekt identifiziert werden k\u00f6nnen, beispielsweise Ihr Vorname, Nachname, Ihre E-Mail- und IP-Adresse. Personenbezogene Daten werden zu folgenden Anl\u00e4ssen erfasst: Bei einem Besuch der Webseite von der F\u00d6D Wirtschaft, K.M.B., Mittelstand und [&hellip;]<\/p>\n","protected":false},"author":1,"featured_media":0,"parent":0,"menu_order":0,"comment_status":"closed","ping_status":"closed","template":"","meta":{"_acf_changed":false,"footnotes":""},"class_list":["post-7605","page","type-page","status-publish","hentry"],"acf":[],"yoast_head":"<!-- This site is optimized with the Yoast SEO plugin v27.5 - https:\/\/yoast.com\/product\/yoast-seo-wordpress\/ -->\n<title>Vertraulichkeitserkl\u00e4rung - BeDigitalTogether - Be Digital Together<\/title>\n<meta name=\"robots\" content=\"index, follow, max-snippet:-1, max-image-preview:large, max-video-preview:-1\" \/>\n<link rel=\"canonical\" href=\"https:\/\/www.bedigitaltogether.be\/de\/\" \/>\n<meta property=\"og:locale\" content=\"de_DE\" \/>\n<meta property=\"og:type\" content=\"article\" \/>\n<meta property=\"og:title\" content=\"Vertraulichkeitserkl\u00e4rung - BeDigitalTogether - Be Digital Together\" \/>\n<meta property=\"og:description\" content=\"Vertraulichkeitserkl\u00e4rung Schutz von personenbezogenen Daten Diese Informationen beziehen sich auf den Schutz Ihrer pers\u00f6nlichen Daten. Dies sind diejenigen Daten, anhand derer Sie direkt oder indirekt identifiziert werden k\u00f6nnen, beispielsweise Ihr Vorname, Nachname, Ihre E-Mail- und IP-Adresse. Personenbezogene Daten werden zu folgenden Anl\u00e4ssen erfasst: Bei einem Besuch der Webseite von der F\u00d6D Wirtschaft, K.M.B., Mittelstand und [&hellip;]\" \/>\n<meta property=\"og:url\" content=\"https:\/\/www.bedigitaltogether.be\/de\/\" \/>\n<meta property=\"og:site_name\" content=\"BeDigitalTogether\" \/>\n<meta property=\"article:modified_time\" content=\"2022-04-05T08:24:36+00:00\" \/>\n<meta name=\"twitter:card\" content=\"summary_large_image\" \/>\n<meta name=\"twitter:label1\" content=\"Gesch\u00e4tzte Lesezeit\" \/>\n\t<meta name=\"twitter:data1\" content=\"4\u00a0Minuten\" \/>\n<script type=\"application\/ld+json\" class=\"yoast-schema-graph\">{\"@context\":\"https:\\\/\\\/schema.org\",\"@graph\":[{\"@type\":\"WebPage\",\"@id\":\"https:\\\/\\\/www.bedigitaltogether.be\\\/de\\\/vertraulichkeitserklaerung\\\/\",\"url\":\"https:\\\/\\\/www.bedigitaltogether.be\\\/de\\\/vertraulichkeitserklaerung\\\/\",\"name\":\"Vertraulichkeitserkl\u00e4rung - BeDigitalTogether - Be Digital Together\",\"isPartOf\":{\"@id\":\"https:\\\/\\\/www.bedigitaltogether.be\\\/de\\\/#website\"},\"datePublished\":\"2022-02-03T11:44:50+00:00\",\"dateModified\":\"2022-04-05T08:24:36+00:00\",\"breadcrumb\":{\"@id\":\"https:\\\/\\\/www.bedigitaltogether.be\\\/de\\\/vertraulichkeitserklaerung\\\/#breadcrumb\"},\"inLanguage\":\"de\",\"potentialAction\":[{\"@type\":\"ReadAction\",\"target\":[\"https:\\\/\\\/www.bedigitaltogether.be\\\/de\\\/vertraulichkeitserklaerung\\\/\"]}]},{\"@type\":\"BreadcrumbList\",\"@id\":\"https:\\\/\\\/www.bedigitaltogether.be\\\/de\\\/vertraulichkeitserklaerung\\\/#breadcrumb\",\"itemListElement\":[{\"@type\":\"ListItem\",\"position\":1,\"name\":\"Zuhause\",\"item\":\"https:\\\/\\\/www.bedigitaltogether.be\\\/de\\\/\"},{\"@type\":\"ListItem\",\"position\":2,\"name\":\"Vertraulichkeitserkl\u00e4rung\"}]},{\"@type\":\"WebSite\",\"@id\":\"https:\\\/\\\/www.bedigitaltogether.be\\\/de\\\/#website\",\"url\":\"https:\\\/\\\/www.bedigitaltogether.be\\\/de\\\/\",\"name\":\"BeDigitalTogether\",\"description\":\"\",\"potentialAction\":[{\"@type\":\"SearchAction\",\"target\":{\"@type\":\"EntryPoint\",\"urlTemplate\":\"https:\\\/\\\/www.bedigitaltogether.be\\\/de\\\/?s={search_term_string}\"},\"query-input\":{\"@type\":\"PropertyValueSpecification\",\"valueRequired\":true,\"valueName\":\"search_term_string\"}}],\"inLanguage\":\"de\"}]}<\/script>\n<!-- \/ Yoast SEO plugin. -->","yoast_head_json":{"title":"Vertraulichkeitserkl\u00e4rung - BeDigitalTogether - Be Digital Together","robots":{"index":"index","follow":"follow","max-snippet":"max-snippet:-1","max-image-preview":"max-image-preview:large","max-video-preview":"max-video-preview:-1"},"canonical":"https:\/\/www.bedigitaltogether.be\/de\/","og_locale":"de_DE","og_type":"article","og_title":"Vertraulichkeitserkl\u00e4rung - BeDigitalTogether - Be Digital Together","og_description":"Vertraulichkeitserkl\u00e4rung Schutz von personenbezogenen Daten Diese Informationen beziehen sich auf den Schutz Ihrer pers\u00f6nlichen Daten. Dies sind diejenigen Daten, anhand derer Sie direkt oder indirekt identifiziert werden k\u00f6nnen, beispielsweise Ihr Vorname, Nachname, Ihre E-Mail- und IP-Adresse. Personenbezogene Daten werden zu folgenden Anl\u00e4ssen erfasst: Bei einem Besuch der Webseite von der F\u00d6D Wirtschaft, K.M.B., Mittelstand und [&hellip;]","og_url":"https:\/\/www.bedigitaltogether.be\/de\/","og_site_name":"BeDigitalTogether","article_modified_time":"2022-04-05T08:24:36+00:00","twitter_card":"summary_large_image","twitter_misc":{"Gesch\u00e4tzte Lesezeit":"4\u00a0Minuten"},"schema":{"@context":"https:\/\/schema.org","@graph":[{"@type":"WebPage","@id":"https:\/\/www.bedigitaltogether.be\/de\/vertraulichkeitserklaerung\/","url":"https:\/\/www.bedigitaltogether.be\/de\/vertraulichkeitserklaerung\/","name":"Vertraulichkeitserkl\u00e4rung - BeDigitalTogether - Be Digital Together","isPartOf":{"@id":"https:\/\/www.bedigitaltogether.be\/de\/#website"},"datePublished":"2022-02-03T11:44:50+00:00","dateModified":"2022-04-05T08:24:36+00:00","breadcrumb":{"@id":"https:\/\/www.bedigitaltogether.be\/de\/vertraulichkeitserklaerung\/#breadcrumb"},"inLanguage":"de","potentialAction":[{"@type":"ReadAction","target":["https:\/\/www.bedigitaltogether.be\/de\/vertraulichkeitserklaerung\/"]}]},{"@type":"BreadcrumbList","@id":"https:\/\/www.bedigitaltogether.be\/de\/vertraulichkeitserklaerung\/#breadcrumb","itemListElement":[{"@type":"ListItem","position":1,"name":"Zuhause","item":"https:\/\/www.bedigitaltogether.be\/de\/"},{"@type":"ListItem","position":2,"name":"Vertraulichkeitserkl\u00e4rung"}]},{"@type":"WebSite","@id":"https:\/\/www.bedigitaltogether.be\/de\/#website","url":"https:\/\/www.bedigitaltogether.be\/de\/","name":"BeDigitalTogether","description":"","potentialAction":[{"@type":"SearchAction","target":{"@type":"EntryPoint","urlTemplate":"https:\/\/www.bedigitaltogether.be\/de\/?s={search_term_string}"},"query-input":{"@type":"PropertyValueSpecification","valueRequired":true,"valueName":"search_term_string"}}],"inLanguage":"de"}]}},"_links":{"self":[{"href":"https:\/\/www.bedigitaltogether.be\/de\/wp-json\/wp\/v2\/pages\/7605","targetHints":{"allow":["GET"]}}],"collection":[{"href":"https:\/\/www.bedigitaltogether.be\/de\/wp-json\/wp\/v2\/pages"}],"about":[{"href":"https:\/\/www.bedigitaltogether.be\/de\/wp-json\/wp\/v2\/types\/page"}],"author":[{"embeddable":true,"href":"https:\/\/www.bedigitaltogether.be\/de\/wp-json\/wp\/v2\/users\/1"}],"replies":[{"embeddable":true,"href":"https:\/\/www.bedigitaltogether.be\/de\/wp-json\/wp\/v2\/comments?post=7605"}],"version-history":[{"count":1,"href":"https:\/\/www.bedigitaltogether.be\/de\/wp-json\/wp\/v2\/pages\/7605\/revisions"}],"predecessor-version":[{"id":7606,"href":"https:\/\/www.bedigitaltogether.be\/de\/wp-json\/wp\/v2\/pages\/7605\/revisions\/7606"}],"wp:attachment":[{"href":"https:\/\/www.bedigitaltogether.be\/de\/wp-json\/wp\/v2\/media?parent=7605"}],"curies":[{"name":"wp","href":"https:\/\/api.w.org\/{rel}","templated":true}]}}