{"version":"1.0","provider_name":"BeDigitalTogether","provider_url":"https:\/\/www.bedigitaltogether.be\/de\/","author_name":"admin","author_url":"https:\/\/www.bedigitaltogether.be\/de\/author\/lh_2l609ggp\/","title":"Digitaler Schulungsplan (PAN) - Aktion 45 - BeDigitalTogether - Be Digital Together","type":"rich","width":600,"height":338,"html":"<blockquote class=\"wp-embedded-content\" data-secret=\"RQ9K5lXfUu\"><a href=\"https:\/\/www.bedigitaltogether.be\/de\/digitaler-schulungsplan-pan-aktion-45\/\">Digitaler Schulungsplan (PAN) &#8211; Aktion 45<\/a><\/blockquote><iframe sandbox=\"allow-scripts\" security=\"restricted\" src=\"https:\/\/www.bedigitaltogether.be\/de\/digitaler-schulungsplan-pan-aktion-45\/embed\/#?secret=RQ9K5lXfUu\" width=\"600\" height=\"338\" title=\"&#8222;Digitaler Schulungsplan (PAN) &#8211; Aktion 45&#8220; &#8211; BeDigitalTogether\" data-secret=\"RQ9K5lXfUu\" frameborder=\"0\" marginwidth=\"0\" marginheight=\"0\" scrolling=\"no\" class=\"wp-embedded-content\"><\/iframe><script type=\"text\/javascript\">\n\/* <![CDATA[ *\/\n\/*! This file is auto-generated *\/\n!function(d,l){\"use strict\";l.querySelector&&d.addEventListener&&\"undefined\"!=typeof URL&&(d.wp=d.wp||{},d.wp.receiveEmbedMessage||(d.wp.receiveEmbedMessage=function(e){var t=e.data;if((t||t.secret||t.message||t.value)&&!\/[^a-zA-Z0-9]\/.test(t.secret)){for(var s,r,n,a=l.querySelectorAll('iframe[data-secret=\"'+t.secret+'\"]'),o=l.querySelectorAll('blockquote[data-secret=\"'+t.secret+'\"]'),c=new RegExp(\"^https?:$\",\"i\"),i=0;i<o.length;i++)o[i].style.display=\"none\";for(i=0;i<a.length;i++)s=a[i],e.source===s.contentWindow&&(s.removeAttribute(\"style\"),\"height\"===t.message?(1e3<(r=parseInt(t.value,10))?r=1e3:~~r<200&&(r=200),s.height=r):\"link\"===t.message&&(r=new URL(s.getAttribute(\"src\")),n=new URL(t.value),c.test(n.protocol))&&n.host===r.host&&l.activeElement===s&&(d.top.location.href=t.value))}},d.addEventListener(\"message\",d.wp.receiveEmbedMessage,!1),l.addEventListener(\"DOMContentLoaded\",function(){for(var e,t,s=l.querySelectorAll(\"iframe.wp-embedded-content\"),r=0;r<s.length;r++)(t=(e=s[r]).getAttribute(\"data-secret\"))||(t=Math.random().toString(36).substring(2,12),e.src+=\"#?secret=\"+t,e.setAttribute(\"data-secret\",t)),e.contentWindow.postMessage({message:\"ready\",secret:t},\"*\")},!1)))}(window,document);\n\/\/# sourceURL=https:\/\/www.bedigitaltogether.be\/wp-includes\/js\/wp-embed.min.js\n\/* ]]> *\/\n<\/script>\n","description":"Unterst\u00fctzung der Vereinigungen innerhalb der Region Br\u00fcssel-Hauptstadt, die in der F\u00f6rderung, der Unterst\u00fctzung und der digitalen Hilfestellung f\u00fcr Jugendliche aktiv sind, durch Aufrufe zu Projekten. M\u00f6gen sich alle Br\u00fcsseler die digitale Technik im Bereich der Besch\u00e4ftigung, Bildung, Kaufkraft, sozialen Bindung und der Emanzipation zunutze machen k\u00f6nnen! Die Region Br\u00fcssel-Hauptstadt verpflichtet sich, diese Herausforderung bis 2024 [&hellip;]"}